{"id":1945,"date":"2021-07-29T12:19:48","date_gmt":"2021-07-29T12:19:48","guid":{"rendered":"https:\/\/salud-o.umh.es\/?page_id=1945"},"modified":"2021-09-02T12:33:41","modified_gmt":"2021-09-02T12:33:41","slug":"publicaciones-de-psicologia-actividad-fisica","status":"publish","type":"page","link":"https:\/\/salud-o.umh.es\/es\/publicaciones-de-psicologia-actividad-fisica\/","title":{"rendered":"Publicaciones de Psicolog\u00eda del Deporte"},"content":{"rendered":"<p>[et_pb_section admin_label=\u00bbsection\u00bb fb_built=\u00bb1&#8243; _builder_version=\u00bb3.10.1&#8243; use_background_color_gradient=\u00bbon\u00bb background_image=\u00bbhttp:\/\/salud-o.umh.es\/files\/2018\/07\/saludo.png\u00bb transparent_background=\u00bboff\u00bb allow_player_pause=\u00bboff\u00bb inner_shadow=\u00bboff\u00bb parallax=\u00bboff\u00bb parallax_method=\u00bboff\u00bb padding_mobile=\u00bboff\u00bb make_fullwidth=\u00bboff\u00bb use_custom_width=\u00bboff\u00bb width_unit=\u00bbon\u00bb make_equal=\u00bboff\u00bb use_custom_gutter=\u00bboff\u00bb][et_pb_row admin_label=\u00bbFila\u00bb][et_pb_column type=\u00bb4_4&#8243;][\/et_pb_column][\/et_pb_row][\/et_pb_section][et_pb_section admin_label=\u00bbsection\u00bb][et_pb_row admin_label=\u00bbrow\u00bb][et_pb_column type=\u00bb4_4&#8243;][et_pb_divider admin_label=\u00bbSeparador\u00bb color=\u00bb#000000&#8243; show_divider=\u00bbon\u00bb height=\u00bb2&#8243; divider_style=\u00bbsolid\u00bb divider_position=\u00bbtop\u00bb hide_on_mobile=\u00bbon\u00bb]<br \/>\n[\/et_pb_divider][\/et_pb_column][\/et_pb_row][et_pb_row admin_label=\u00bbrow\u00bb][et_pb_column type=\u00bb4_4&#8243;][et_pb_post_title admin_label=\u00bbT\u00edtulo de publicaci\u00f3n\u00bb title=\u00bbon\u00bb meta=\u00bboff\u00bb author=\u00bbon\u00bb date=\u00bbon\u00bb categories=\u00bbon\u00bb comments=\u00bbon\u00bb featured_image=\u00bboff\u00bb featured_placement=\u00bbbelow\u00bb parallax_effect=\u00bbon\u00bb parallax_method=\u00bbon\u00bb text_orientation=\u00bbcenter\u00bb text_color=\u00bbdark\u00bb text_background=\u00bboff\u00bb text_bg_color=\u00bbrgba(255,255,255,0.9)\u00bb module_bg_color=\u00bbrgba(255,255,255,0)\u00bb title_all_caps=\u00bboff\u00bb use_border_color=\u00bboff\u00bb border_color=\u00bb#ffffff\u00bb border_style=\u00bbsolid\u00bb custom_margin=\u00bb||-25px|\u00bb]<br \/>\n[\/et_pb_post_title][\/et_pb_column][\/et_pb_row][et_pb_row admin_label=\u00bbrow\u00bb make_fullwidth=\u00bboff\u00bb use_custom_width=\u00bboff\u00bb width_unit=\u00bbon\u00bb use_custom_gutter=\u00bboff\u00bb padding_mobile=\u00bboff\u00bb allow_player_pause=\u00bboff\u00bb parallax=\u00bbon\u00bb parallax_method=\u00bbon\u00bb make_equal=\u00bboff\u00bb parallax_1=\u00bboff\u00bb parallax_method_1=\u00bboff\u00bb parallax_2=\u00bboff\u00bb parallax_method_2=\u00bboff\u00bb column_padding_mobile=\u00bbon\u00bb][et_pb_column type=\u00bb1_4&#8243;][et_pb_text admin_label=\u00bbTexto\u00bb background_layout=\u00bblight\u00bb text_orientation=\u00bbleft\u00bb use_border_color=\u00bboff\u00bb border_color=\u00bb#ffffff\u00bb border_style=\u00bbsolid\u00bb custom_css_main_element=\u00bbposition: sticky;|| top: 0px;|| z-index: 9999;\u00bb disabled=\u00bboff\u00bb disabled_on=\u00bboff|off|\u00bb]<\/p>\n<h4><span style=\"color: #0000ff;\"><strong>Publicaciones por tem\u00e1ticas<\/strong><\/span><\/h4>\n<h6><a title=\"Publicaciones de Cienciometr\u00eda\" href=\"https:\/\/salud-o.umh.es\/1870-2\/\"><span style=\"color: #0000ff;\"><strong>Cienciometr\u00eda<\/strong><\/span><\/a><\/h6>\n<ul>\n<li><a title=\"Publicaciones de Cienciometr\u00eda\" href=\"https:\/\/salud-o.umh.es\/1870-2\/\">An\u00e1lisis bibliom\u00e9trico y mapeo de la ciencia<\/a><\/li>\n<\/ul>\n<h6><a title=\"Publicaciones de Desastres\" href=\"https:\/\/salud-o.umh.es\/publicaciones-de-desastres\/\"><span style=\"color: #0000ff;\"><strong>Intervenci\u00f3n en cat\u00e1strofes<\/strong><\/span><\/a><\/h6>\n<ul>\n<li><a title=\"Publicaciones de Desastres\" href=\"https:\/\/salud-o.umh.es\/publicaciones-de-desastres\/\">DANA o desastres naturales<\/a><\/li>\n<\/ul>\n<h6><a title=\"Publicaciones de Psicolog\u00eda\" href=\"https:\/\/salud-o.umh.es\/publicaciones-de-psicologia\/\"><span style=\"color: #0000ff;\"><strong>Psicolog\u00eda<\/strong><\/span><\/a><\/h6>\n<ul>\n<li>Psicolog\u00eda del Deporte<\/li>\n<li><a title=\"Publicaciones de Psicolog\u00eda de la Salud: Drogas y Adicciones\" href=\"https:\/\/salud-o.umh.es\/publicaciones-de-psicologia-de-la-salud-drogas-y-adicciones\/\">Drogas y Adicciones<\/a><\/li>\n<li><a title=\"Publicaciones de Psicolog\u00eda del Tr\u00e1fico y Seguridad Vial\" href=\"https:\/\/salud-o.umh.es\/psicologia-del-trafico-y-seguridad-vial\/\">Psicolog\u00eda del Tr\u00e1fico y Seguridad Vial<\/a><\/li>\n<li><a title=\"Publicaciones de Voluntariado\" href=\"https:\/\/salud-o.umh.es\/publicaciones-de-voluntariado\/\">Voluntariado<\/a><\/li>\n<li><a title=\"Publicaciones de Psicolog\u00eda: Otras tem\u00e1ticas\" href=\"https:\/\/salud-o.umh.es\/publicaciones-de-psicologia-otras-tematicas\/\">Otras tem\u00e1ticas<\/a><\/li>\n<\/ul>\n<h6><a title=\"Publicaciones de Psicolog\u00eda del Trabajo y las Organizaciones\" href=\"https:\/\/salud-o.umh.es\/publicaciones-de-psicologia-del-trabajo-y-las-organizaciones\/\"><span style=\"color: #0000ff;\"><strong>Psicolog\u00eda del Trabajo y las Organizaciones<\/strong><\/span><\/a><\/h6>\n<ul>\n<li><a title=\"Publicaciones de Psicolog\u00eda del Trabajo y las Organizaciones: Competencias\" href=\"https:\/\/salud-o.umh.es\/publicaciones-de-psicologia-del-trabajo-y-las-organizaciones-competencias\/\">Competencias<\/a><\/li>\n<li><a title=\"Publicaciones de Psicolog\u00eda del Trabajo y las Organizaciones: Contrato Psicol\u00f3gico\" href=\"https:\/\/salud-o.umh.es\/publicaciones-de-psicologia-del-trabajo-y-las-organizaciones-contrato-psicologico\/\">Contrato Psicol\u00f3gico<\/a><\/li>\n<li><a title=\"Publicaciones de Psicolog\u00eda del Trabajo y las Organizaciones: Nuevas Tecnolog\u00edas\" href=\"https:\/\/salud-o.umh.es\/publicaciones-de-psicologia-del-trabajo-y-las-organizaciones-nuevas-tecnologias\/\">Nuevas Tecnolog\u00edas<\/a><\/li>\n<li><a title=\"Publicaciones de Psicolog\u00eda del Trabajo y las Organizaciones: Psicolog\u00eda del Trabajo, Organizaciones y Recursos Humanos\" href=\"https:\/\/salud-o.umh.es\/publicaciones-de-psicologia-del-trabajo-y-las-organizaciones-psicologia-del-trabajo-organizaciones-y-recursos-humanos\/\">Psicolog\u00eda del Trabajo, Organizaciones y Recursos Humanos<\/a><\/li>\n<\/ul>\n<h6><a title=\"Publicaciones de Salud Ocupacional\" href=\"https:\/\/salud-o.umh.es\/publicaciones-de-salud-ocupacional\/\"><span style=\"color: #0000ff;\"><strong>Salud Ocupacional<\/strong><\/span><\/a><\/h6>\n<ul>\n<li><a title=\"Publicaciones de Salud Ocupacional: Adaptaci\u00f3n y Valoraci\u00f3n de Puestos\" href=\"https:\/\/salud-o.umh.es\/publicaciones-de-salud-ocupacional-adaptacion-y-valoracion-de-puestos\/\">Adaptaci\u00f3n y valoraci\u00f3n de puestos<\/a><\/li>\n<li><a title=\"Publicaciones de Salud Ocupacional: Colectivos Profesionales\" href=\"https:\/\/salud-o.umh.es\/publicaciones-de-salud-ocupacional-colectivos-profesionales\/\">Riesgos Psicosociales en colectivos profesionales<\/a><\/li>\n<li><a title=\"Publicaciones de Salud Ocupacional: Ergonom\u00eda y Psicosociolog\u00eda de la Prevenci\u00f3n de Riesgos Laborales\" href=\"https:\/\/salud-o.umh.es\/publicaciones-de-salud-ocupacional-ergonomia-y-psicosociologia-de-la-prevencion-de-riesgos-laborales\/\">Ergonom\u00eda y Psicosociolog\u00eda de la Prevenci\u00f3n de Riesgos Laborales<\/a><\/li>\n<li><a title=\"Publicaciones de Salud Ocupacional: Sensibilidad Qu\u00edmica M\u00faltiple\" href=\"https:\/\/salud-o.umh.es\/publicaciones-de-salud-ocupacional-sensibilidad-quimica-multiple\/\">Sensibilidad Qu\u00edmica M\u00faltiple<\/a><\/li>\n<\/ul>\n<h6><a title=\"Todas las publicaciones\" href=\"https:\/\/salud-o.umh.es\/todas-las-publicaciones-2\/\"><span style=\"color: #0000ff;\"><strong>Volver a Todas las publicaciones<\/strong><\/span><\/a><\/h6>\n<p>[\/et_pb_text][\/et_pb_column][et_pb_column type=\u00bb3_4&#8243;][et_pb_text admin_label=\u00bbTexto\u00bb background_layout=\u00bblight\u00bb text_orientation=\u00bbleft\u00bb use_border_color=\u00bboff\u00bb border_color=\u00bb#ffffff\u00bb border_style=\u00bbsolid\u00bb]<\/p>\n<h4><span style=\"color: #0000ff;\"><strong>2016<\/strong><\/span><\/h4>\n<p style=\"text-align: justify;\">Le\u00f3n, E., Agull\u00f3, M.A &amp; Costa, R. (2016). Estudio exploratorio de las caracter\u00edsticas de personalidad y estrategias de afrontamiento en jugadoras de baloncesto femenino.\u00a0<em>Informaci\u00f3 Psicol\u00f2gica, 112<\/em>, 2-12.\u00a0<a href=\"https:\/\/doi.org\/10.14635\/IPSIC.2016.112.1\" target=\"_blank\">https:\/\/doi.org\/10.14635\/IPSIC.2016.112.1<\/a>. <a href=\"http:\/\/salud-o.umh.es\/files\/2021\/03\/Dialnet-EstudioExploratorioDeLasCaracteristicasDePersonali-7446976.pdf\" target=\"_blank\"><strong>PDF<\/strong><\/a><\/p>\n<p>Boix, S., Le\u00f3n, E, &amp; Serrano, M. A. (2016). Apoyo social y bienestar psicol\u00f3gico en mujeres practicantes de Pilates. En J. L. Soler, L. Aparicio, O. D\u00edaz, E. Escolano &amp; A. Rodr\u00edguez (Eds.),<em>\u00a0Inteligencia Emocional y Bienestar II. Reflexiones, experiencias profesionales e investigaciones\u00a0<\/em>(pp. 394-404). Villanueva de G\u00e1llego: Ediciones Universidad de San Jorge.<\/p>\n<p>Boix, S., Le\u00f3n, E, &amp; Serrano, M. A. (2016). Niveles de identificaci\u00f3n con el ejercicio f\u00edsico en una muestra de profesores que se ejercita con Pilates. En J. L. Castej\u00f3n (Eds.),\u00a0<em>Psicolog\u00eda y Educaci\u00f3n: Presente y futuro<\/em>\u00a0(pp. 2751-2756). Madrid: ACIPE-Asociaci\u00f3n Cient\u00edfica de Psicolog\u00eda y Educaci\u00f3n.<\/p>\n<p>Marco, N., Le\u00f3n, E. &amp; Cant\u00f3n, E. (2016). \u00bfC\u00f3mo perciben su comportamiento los padres y las madres en el f\u00fatbol base? En J. L. Castej\u00f3n (Eds.),\u00a0<em>Psicolog\u00eda y Educaci\u00f3n: Presente y futuro<\/em>\u00a0(pp. 2756-2761). Madrid: ACIPE-Asociaci\u00f3n Cient\u00edfica de Psicolog\u00eda y Educaci\u00f3n.<\/p>\n<p>Marco, N., Le\u00f3n, E. &amp; Cant\u00f3n, E. (2016). An\u00e1lisis de la percepci\u00f3n de comportamiento en deporte base: diferencias entre padres versus entrenadores. En J. L. Castej\u00f3n (Eds.),\u00a0<em>Psicolog\u00eda y Educaci\u00f3n: Presente y futuro<\/em>\u00a0(pp. 2762-2768). Madrid: ACIPE-Asociaci\u00f3n Cient\u00edfica de Psicolog\u00eda y Educaci\u00f3n.<\/p>\n<p style=\"text-align: justify;\">Boix, S. (2016).\u00a0<em>Efectos de la pr\u00e1cticas del m\u00e9todo pilates sobre la salud psicosocial: un estudio longitudinal.<\/em>\u00a0Tesis doctoral no publicada. Universitat de Val\u00e8ncia, Valencia. Directores: E.M. Le\u00f3n y M.A. Serrano.<\/p>\n<h4><span style=\"color: #0000ff;\"><b><strong>2013<\/strong><\/b><\/span><\/h4>\n<p style=\"text-align: justify;\">Mateo-March, M., Rodr\u00edguez-P\u00e9rez, M. A., Costa, R., S\u00e1nchez-Mu\u00f1oz, C., Casimiro-And\u00fajar, A. J., Zabala, M. (2013). Efecto de un programa de intervenci\u00f3n sobre el estr\u00e9s percibido, autoestima y rendimiento en j\u00f3venes pilotos de motociclismo de \u00e9lite. <i>Revista de Psicolog\u00eda\u00a0de Deporte, 22<\/i>, 125-133. <strong><a href=\"http:\/\/salud-o.umh.es\/files\/2015\/07\/Efecto-de-un-programa-de-intervenci\u00f3n-sobre-el-estr\u00e9s-percibido-autoestima-y-rendimiento-en-j\u00f3venes-pilotos-de-motociclismo-de-\u00e9lite.pdf\" target=\"_blank\">PDF<\/a><\/strong><\/p>\n<p style=\"text-align: justify;\">Neipp, M. C., Quiles, M. J., Le\u00f3n, E. M., Rodr\u00edguez- Mar\u00edn, J. (2013). Theory of planned Behavior and physical exercise: Difference between people who do regular physical exercise and those who do not. <i>Wulfenia, 20<\/i>, 324-335. <strong><a href=\"http:\/\/salud-o.umh.es\/files\/2015\/07\/TPB-differences-Wulfenia.pdf\" target=\"_blank\">PDF<\/a><\/strong><\/p>\n<h4><span style=\"color: #0000ff;\"><b><strong>2011<\/strong><\/b><\/span><\/h4>\n<p style=\"text-align: justify;\">Le\u00f3n,\u00a0E., Serrano, M.\u00a0A. (2011). Motivos de pr\u00e1ctica de ejercicio en mujeres en funci\u00f3n de las horas y del n\u00famero de actividades f\u00edsico deportivas practicadas. <i>Informaci\u00f3 Psicol\u00f2gica, 101<\/i>, 14-25. <a title=\"Motivos de pr\u00e1ctica de ejercicio en mujeres en funci\u00f3n de las horas y del n\u00famero de actividades f\u00edsico deportivas practicadas\" href=\"http:\/\/salud-o.umh.es\/files\/2021\/03\/Dialnet-MotivosDePracticaDeEjercicioEnMujeresEnFuncionDeLa-6745140.pdf\" target=\"_blank\"><strong>PDF<\/strong><\/a><\/p>\n<p>Cant\u00f3n, E., Gistain, C., Checa, I., Le\u00f3n, E. M. (2011). Programa de medicaci\u00f3n psicol\u00f3gica con \u00e1rbitros de f\u00fatbol.\u00a0<i>Revista Internacional de Ciencias Sociales y Humanidades, Sociotam, 21<\/i>(2), 27-38.\u00a0<a href=\"http:\/\/salud-o.umh.es\/files\/2015\/07\/Programa-de-intervencion-psicologica-con-arbitros-futbol.pdf\" target=\"_blank\"><strong>PDF<\/strong><\/a><\/p>\n<h4><span style=\"color: #0000ff;\"><b><strong>2010<\/strong><\/b><\/span><\/h4>\n<p style=\"text-align: justify;\">Serrano, M. A., Costa, R., Salvador, A., Moya-Albiol, L. (2010). Competici\u00f3n, dominancia y marcadores biol\u00f3gicos. En L. Moya-Albiol (Ed.),\u00a0<em>Psicobiolog\u00eda de la Violencia<\/em>. Ed. Pir\u00e1mide. Madrid.<\/p>\n<h4><span style=\"color: #0000ff;\"><b><strong>2000<\/strong><\/b><\/span><\/h4>\n<p style=\"text-align: justify;\">Serrano, M. A., Salvador, A., Gonz\u00e1lez-Bono, E., Mart\u00ednez-Sanchis, S., Costa, R. (2000). Bienestar psicol\u00f3gico, equilibrio hormonal y caracter\u00edsticas de personalidad en el binomio actividad f\u00edsica-salud. <i>Revista de Psicolog\u00eda de la Salud, 12<\/i>(2), 3-14.\u00a0<a href=\"https:\/\/doi.org\/10.21134\/pssa.v12i2.793\" target=\"_blank\">https:\/\/doi.org\/10.21134\/pssa.v12i2.793<\/a>. <a title=\"BIENESTAR PSICOL\u00d3GICO, EQUILIBRIO HORMONAL Y CARACTER\u00cdSTICAS DE PERSONALIDAD EN EL BINOMIO ACTIVIDAD F\u00cdSICA-SALUD\" href=\"http:\/\/salud-o.umh.es\/files\/2021\/03\/793-Texto-del-art\u00edculo-3456-1-10-20200713.pdf\" target=\"_blank\"><strong>PDF<\/strong><\/a><\/p>\n<p>[\/et_pb_text][\/et_pb_column][\/et_pb_row][\/et_pb_section][et_pb_section admin_label=\u00bbsection\u00bb][et_pb_row admin_label=\u00bbrow\u00bb][\/et_pb_row][\/et_pb_section]<\/p>","protected":false},"excerpt":{"rendered":"<p>Publicaciones por tem\u00e1ticas Cienciometr\u00eda An\u00e1lisis bibliom\u00e9trico y mapeo de la ciencia Intervenci\u00f3n en cat\u00e1strofes DANA o desastres naturales Psicolog\u00eda Psicolog\u00eda del Deporte Drogas y Adicciones Psicolog\u00eda del Tr\u00e1fico y Seguridad Vial Voluntariado Otras tem\u00e1ticas Psicolog\u00eda del Trabajo y las Organizaciones Competencias Contrato Psicol\u00f3gico Nuevas Tecnolog\u00edas Psicolog\u00eda del Trabajo, Organizaciones y Recursos Humanos Salud Ocupacional Adaptaci\u00f3n [&hellip;]<\/p>\n","protected":false},"author":4484,"featured_media":0,"parent":0,"menu_order":0,"comment_status":"closed","ping_status":"open","template":"","meta":{"_et_pb_use_builder":"on","_et_pb_old_content":"","_et_gb_content_width":"","_links_to":"","_links_to_target":""},"_links":{"self":[{"href":"https:\/\/salud-o.umh.es\/es\/wp-json\/wp\/v2\/pages\/1945"}],"collection":[{"href":"https:\/\/salud-o.umh.es\/es\/wp-json\/wp\/v2\/pages"}],"about":[{"href":"https:\/\/salud-o.umh.es\/es\/wp-json\/wp\/v2\/types\/page"}],"author":[{"embeddable":true,"href":"https:\/\/salud-o.umh.es\/es\/wp-json\/wp\/v2\/users\/4484"}],"replies":[{"embeddable":true,"href":"https:\/\/salud-o.umh.es\/es\/wp-json\/wp\/v2\/comments?post=1945"}],"version-history":[{"count":0,"href":"https:\/\/salud-o.umh.es\/es\/wp-json\/wp\/v2\/pages\/1945\/revisions"}],"wp:attachment":[{"href":"https:\/\/salud-o.umh.es\/es\/wp-json\/wp\/v2\/media?parent=1945"}],"curies":[{"name":"wp","href":"https:\/\/api.w.org\/{rel}","templated":true}]}}